{"id":1328,"date":"2022-10-31T11:54:30","date_gmt":"2022-10-31T10:54:30","guid":{"rendered":"https:\/\/www3.ubu.es\/iicups\/?page_id=1328"},"modified":"2022-11-25T09:51:21","modified_gmt":"2022-11-25T08:51:21","slug":"posteres","status":"publish","type":"page","link":"https:\/\/www3.ubu.es\/iicups\/posteres\/","title":{"rendered":"P\u00f3steres"},"content":{"rendered":"\t\t<div data-elementor-type=\"wp-page\" data-elementor-id=\"1328\" class=\"elementor elementor-1328\">\n\t\t\t\t\t\t<section class=\"elementor-section elementor-top-section elementor-element elementor-element-a4f7cc5 elementor-section-boxed elementor-section-height-default elementor-section-height-default\" data-id=\"a4f7cc5\" data-element_type=\"section\" data-e-type=\"section\">\n\t\t\t\t\t\t<div class=\"elementor-container elementor-column-gap-default\">\n\t\t\t\t\t<div class=\"elementor-column elementor-col-100 elementor-top-column elementor-element elementor-element-0732d32\" data-id=\"0732d32\" data-element_type=\"column\" data-e-type=\"column\">\n\t\t\t<div class=\"elementor-widget-wrap elementor-element-populated\">\n\t\t\t\t\t\t<div class=\"elementor-element elementor-element-e7b736c elementor-widget elementor-widget-toggle\" data-id=\"e7b736c\" data-element_type=\"widget\" data-e-type=\"widget\" data-widget_type=\"toggle.default\">\n\t\t\t\t<div class=\"elementor-widget-container\">\n\t\t\t\t\t\t\t<div class=\"elementor-toggle\">\n\t\t\t\t\t\t\t<div class=\"elementor-toggle-item\">\n\t\t\t\t\t<div id=\"elementor-tab-title-2421\" class=\"elementor-tab-title\" data-tab=\"1\" role=\"button\" aria-controls=\"elementor-tab-content-2421\" aria-expanded=\"false\">\n\t\t\t\t\t\t\t\t\t\t\t\t<span class=\"elementor-toggle-icon elementor-toggle-icon-left\" aria-hidden=\"true\">\n\t\t\t\t\t\t\t\t\t\t\t\t\t\t\t<span class=\"elementor-toggle-icon-closed\"><i class=\"fas fa-caret-right\"><\/i><\/span>\n\t\t\t\t\t\t\t\t<span class=\"elementor-toggle-icon-opened\"><i class=\"elementor-toggle-icon-opened fas fa-caret-up\"><\/i><\/span>\n\t\t\t\t\t\t\t\t\t\t\t\t\t<\/span>\n\t\t\t\t\t\t\t\t\t\t\t\t<a class=\"elementor-toggle-title\" tabindex=\"0\">Actividad f\u00edsica<\/a>\n\t\t\t\t\t<\/div>\n\n\t\t\t\t\t<div id=\"elementor-tab-content-2421\" class=\"elementor-tab-content elementor-clearfix\" data-tab=\"1\" role=\"region\" aria-labelledby=\"elementor-tab-title-2421\"><ul><li><a href=\"https:\/\/www3.ubu.es\/iicups\/wp-content\/uploads\/2022\/10\/Identificacion-de-barreras-y-facilitadores-para-el-desarrollo-de-walking-meetings_Vanesa-Molina-Garcia.pdf\">Identificaci\u00f3n de barreras y facilitadores para el desarrollo de \u00abwalking meetings\u00bb Vanesa Molina Garc\u00eda<\/a> (PDF 652 KB)<\/li><li><a href=\"https:\/\/www3.ubu.es\/iicups\/wp-content\/uploads\/2022\/10\/Influencia-de-la-actividad-fisica-en-la-calidad-de-vida-de-las-personas_aida_gutierrez_y_mario_del_libano.pdf\">Influencia de la actividad f\u00edsica en la calidad de vida de las personas. Aida Guti\u00e9rrez y Mario del Libano<\/a> (PDF 460 KB)<\/li><li><a href=\"https:\/\/www3.ubu.es\/iicups\/wp-content\/uploads\/2022\/11\/Descansos-activos-actividad-fisica-y-cognicion-en-la-universidad_Laura-Carbonell.pdf\">Descansos activos, actividad f\u00edsica y cognici\u00f3n en la universidad. Laura Carbonell (PDF 329 KB)<\/a><\/li><li><a href=\"https:\/\/www3.ubu.es\/iicups\/wp-content\/uploads\/2022\/11\/Evolucion-de-los-factores-de-riesgo-cardiovascular-de-los-trabajadores-de-la-Universidad-de-Granada_miguel_casares_carrillo.pdf\">Evoluci\u00f3n de los factores de riesgo cardiovascular de los trabajadores de la Universidad de Granada entre el a\u00f1o 2013 y 2021. Miguel Casares Carrillo<\/a> (PDF 933 KB)<\/li><\/ul><\/div>\n\t\t\t\t<\/div>\n\t\t\t\t\t\t\t<div class=\"elementor-toggle-item\">\n\t\t\t\t\t<div id=\"elementor-tab-title-2422\" class=\"elementor-tab-title\" data-tab=\"2\" role=\"button\" aria-controls=\"elementor-tab-content-2422\" aria-expanded=\"false\">\n\t\t\t\t\t\t\t\t\t\t\t\t<span class=\"elementor-toggle-icon elementor-toggle-icon-left\" aria-hidden=\"true\">\n\t\t\t\t\t\t\t\t\t\t\t\t\t\t\t<span class=\"elementor-toggle-icon-closed\"><i class=\"fas fa-caret-right\"><\/i><\/span>\n\t\t\t\t\t\t\t\t<span class=\"elementor-toggle-icon-opened\"><i class=\"elementor-toggle-icon-opened fas fa-caret-up\"><\/i><\/span>\n\t\t\t\t\t\t\t\t\t\t\t\t\t<\/span>\n\t\t\t\t\t\t\t\t\t\t\t\t<a class=\"elementor-toggle-title\" tabindex=\"0\">Adicciones<\/a>\n\t\t\t\t\t<\/div>\n\n\t\t\t\t\t<div id=\"elementor-tab-content-2422\" class=\"elementor-tab-content elementor-clearfix\" data-tab=\"2\" role=\"region\" aria-labelledby=\"elementor-tab-title-2422\"><ul><li><a href=\"https:\/\/www3.ubu.es\/iicups\/wp-content\/uploads\/2022\/10\/Impacto-de-la-Alianza-entre-la-Catedra-de-Promocion-de-la-Salud-y-la-Agencia-de-Salud-Publica-de-Cataluna-_dolors_juvinya_canal.pdf\">Impacto de la Alianza entre la C\u00e1tedra de Promoci\u00f3n de la Salud y la Agencia de Salud P\u00fablica de Catalu\u00f1a.\u00a0 Dolors Juvinya Canal<\/a> (PDF 163 KB)<\/li><li><a href=\"https:\/\/www3.ubu.es\/iicups\/wp-content\/uploads\/2022\/10\/Taller-formativo-en-consejo-sanitario-a-estudiantes-de-Fisioterapia-y-Odontologia-para-promover-estilos-de-vida-saludables_adelaida-lozano-p.pdf\">Taller formativo en consejo sanitario a estudiantes de Fisioterapia y Odontolog\u00eda para promover estilos de vida saludables. Adelaida Lozano Polo<\/a> (PDF 446 KB)<\/li><\/ul><\/div>\n\t\t\t\t<\/div>\n\t\t\t\t\t\t\t<div class=\"elementor-toggle-item\">\n\t\t\t\t\t<div id=\"elementor-tab-title-2423\" class=\"elementor-tab-title\" data-tab=\"3\" role=\"button\" aria-controls=\"elementor-tab-content-2423\" aria-expanded=\"false\">\n\t\t\t\t\t\t\t\t\t\t\t\t<span class=\"elementor-toggle-icon elementor-toggle-icon-left\" aria-hidden=\"true\">\n\t\t\t\t\t\t\t\t\t\t\t\t\t\t\t<span class=\"elementor-toggle-icon-closed\"><i class=\"fas fa-caret-right\"><\/i><\/span>\n\t\t\t\t\t\t\t\t<span class=\"elementor-toggle-icon-opened\"><i class=\"elementor-toggle-icon-opened fas fa-caret-up\"><\/i><\/span>\n\t\t\t\t\t\t\t\t\t\t\t\t\t<\/span>\n\t\t\t\t\t\t\t\t\t\t\t\t<a class=\"elementor-toggle-title\" tabindex=\"0\">Alimentaci\u00f3n sostenible<\/a>\n\t\t\t\t\t<\/div>\n\n\t\t\t\t\t<div id=\"elementor-tab-content-2423\" class=\"elementor-tab-content elementor-clearfix\" data-tab=\"3\" role=\"region\" aria-labelledby=\"elementor-tab-title-2423\"><ul><li><a href=\"https:\/\/www3.ubu.es\/iicups\/wp-content\/uploads\/2022\/10\/Analisis-de-habitos-alimenticios-y-compromiso-con-el-medio-ambiente.-La-Universidad-de-Almeria_Montserrat-Montserrat.pdf\">An\u00e1lisis de h\u00e1bitos alimenticios y compromiso con el medio ambiente. La Universidad de Almer\u00eda. Montserrat Montserrat Hern\u00e1ndez<\/a> (PDF 393 KB)<\/li><li><a href=\"https:\/\/www3.ubu.es\/iicups\/wp-content\/uploads\/2022\/10\/Autopercepcion-del-nivel-de-competencia-para-promocion-modelacion-incluso-ensenanza-de-horticultura-basica-estudiantil_VereniceZarahi.pdf\">Autopercepci\u00f3n del nivel de competencia para promoci\u00f3n, modelaci\u00f3n, incluso ense\u00f1anza de horticultura b\u00e1sica estudiantil. Verenice Gonz\u00e1lez Mej\u00eda<\/a> (PDF 192 KB)<\/li><li><a href=\"https:\/\/www3.ubu.es\/iicups\/wp-content\/uploads\/2022\/10\/La-Universidad-de-Almeria-promueve-la-Alimentacion-Saludable-y-Sostenible_Montserrat-Montserrat.pdf\">La Universidad de Almer\u00eda promueve la Alimentaci\u00f3n Saludable y Sostenible. Montserrat Montserrat Hern\u00e1ndez<\/a> (PDF 480 KB)<\/li><li><a href=\"https:\/\/www3.ubu.es\/iicups\/wp-content\/uploads\/2022\/10\/Participacion-del-alumnado-universitario-en-la-promocion-de-una-alimentacion-saludable-y-sostenible_EvaHerrera.pdf\">Participaci\u00f3n del alumnado universitario en la promoci\u00f3n de una alimentaci\u00f3n saludable y sostenible. Eva Herrera-Guti\u00e9rrez<\/a> (PDF 463 KB)<\/li><\/ul><\/div>\n\t\t\t\t<\/div>\n\t\t\t\t\t\t\t<div class=\"elementor-toggle-item\">\n\t\t\t\t\t<div id=\"elementor-tab-title-2424\" class=\"elementor-tab-title\" data-tab=\"4\" role=\"button\" aria-controls=\"elementor-tab-content-2424\" aria-expanded=\"false\">\n\t\t\t\t\t\t\t\t\t\t\t\t<span class=\"elementor-toggle-icon elementor-toggle-icon-left\" aria-hidden=\"true\">\n\t\t\t\t\t\t\t\t\t\t\t\t\t\t\t<span class=\"elementor-toggle-icon-closed\"><i class=\"fas fa-caret-right\"><\/i><\/span>\n\t\t\t\t\t\t\t\t<span class=\"elementor-toggle-icon-opened\"><i class=\"elementor-toggle-icon-opened fas fa-caret-up\"><\/i><\/span>\n\t\t\t\t\t\t\t\t\t\t\t\t\t<\/span>\n\t\t\t\t\t\t\t\t\t\t\t\t<a class=\"elementor-toggle-title\" tabindex=\"0\">Bienestar emocional<\/a>\n\t\t\t\t\t<\/div>\n\n\t\t\t\t\t<div id=\"elementor-tab-content-2424\" class=\"elementor-tab-content elementor-clearfix\" data-tab=\"4\" role=\"region\" aria-labelledby=\"elementor-tab-title-2424\"><ul><li><a href=\"https:\/\/www3.ubu.es\/iicups\/wp-content\/uploads\/2022\/10\/Aplicacion-de-un-programa-de-Mindfulness-en-estudiantes-universitarios-durante-el-confinamiento-por-Covid-19_Nuria-ORdonez.pdf\">Aplicaci\u00f3n de un programa de Mindfulness en estudiantes universitarios durante el confinamiento por Covid-19. Nuria Ord\u00f3\u00f1ez-Camblor<\/a> (PDF 620 KB)<\/li><li><p><a href=\"https:\/\/www3.ubu.es\/iicups\/wp-content\/uploads\/2022\/10\/EFECTO-DE-LOS-BANOS-DE-BOSQUE-EN-LA-ANSIEDAD-ANTE-LOS-EXAMENES-EN-ESTUDIANTES-DE-LA-UNIVERSIDAD-DE-BURGOS_my_gonzalezalonso.pdf\">Efecto de los ba\u00f1os de bosque en la ansiedad ante los ex\u00e1menes en estudiantes de la Universidad de Burgos. Mar\u00eda Yolanda Gonz\u00e1lez Alonso<\/a> (PDF 400 KB)<\/p><\/li><li><a href=\"https:\/\/www3.ubu.es\/iicups\/wp-content\/uploads\/2022\/10\/Estrategia-de-bienestar-y-salud-mental-de-la-Universidad-de-Murcia_EvaHerrera.pdf\">Estrategia de bienestar y salud mental de la Universidad de Murcia. Eva Herrera-Guti\u00e9rrez<\/a> (PDF 493 KB)<\/li><li><p><a href=\"https:\/\/www3.ubu.es\/iicups\/wp-content\/uploads\/2022\/10\/LA-ATENCION-A-PERSONAS-LGTBI-EN-EL-AMBITO-UNIVERSITARIO_Naiara_martinez.pdf\">La atenci\u00f3n a personas LGTBI en el \u00e1mbito universitario. Naiara Mart\u00ednez-G\u00f3mez<\/a> (PDF 490 KB)<\/p><\/li><li><a href=\"https:\/\/www3.ubu.es\/iicups\/wp-content\/uploads\/2022\/10\/Prevencion-comuitaria-del-malestar-psicosocial-en-el-ambito-universitario_RakelOnion.pdf\">Prevenci\u00f3n comunitaria del malestar psicosocial en el \u00e1mbito universitario. Rakel Onion Encina<\/a> (PDF 269 KB)<\/li><li><p><a href=\"https:\/\/www3.ubu.es\/iicups\/wp-content\/uploads\/2022\/10\/REVISION-SISTEMATICA-DE-LA-RELACION-ENTRE-ACCIDENTE-CEREBROVASCULAR-Y-ENFERMEDAD-DE-ALZHEIMER_OLALLA-SAIZ-VAZQUEZ.pdf\">Revisi\u00f3n sistem\u00e1tica de la relaci\u00f3n entre accidente cerebrovascular y enfermedad de alzheimer. Olalla Saiz V\u00e1zquez<\/a> (PDF 834 KB)<\/p><\/li><li><a href=\"https:\/\/www3.ubu.es\/iicups\/wp-content\/uploads\/2022\/11\/Cuidando-la-salud-mental-de-nuestro-alumnado-Taller-Gestion-activa-del-estres_Patricia-Insua.pdf\">Cuidando la salud mental de nuestro alumnado Taller \u00abGesti\u00f3n activa del estr\u00e9s\u00bb. Patricia Insua<\/a> (PDF 356 KB)<\/li><li><a href=\"https:\/\/www3.ubu.es\/iicups\/wp-content\/uploads\/2022\/11\/EL-DESEMPENO-OCUPACIONAL-DE-LOS-PACIENTES-CON-ENFERMEDAD-DE-HUNTINGTON_Lucia-Simon-Vicente.pdf\"><span class=\"x_ContentPasted3\"><span class=\"x_ContentPasted3 x_ContentPasted4\"><span class=\"x_ContentPasted5 x_ContentPasted8\">El Desempe\u00f1o ocupacional de los pacientes con enfermad de Huntington. L<\/span><\/span><\/span>ucia Sim\u00f3n Vicente<\/a> (PDF 306 KB)<\/li><li><a href=\"https:\/\/www3.ubu.es\/iicups\/wp-content\/uploads\/2022\/11\/Redibuja-tu-vida-Un-programa-de-entrenamiento-para-profesionales_Esther-Garcia-Navarro.pdf\">\u00abRe-Dibuja tu vida\u00bb Un programa de entrenamiento para profesionales en edad de jubilaci\u00f3n. Esther Garc\u00eda Navarro<\/a> (PDF 232 KB)<\/li><\/ul><\/div>\n\t\t\t\t<\/div>\n\t\t\t\t\t\t\t<div class=\"elementor-toggle-item\">\n\t\t\t\t\t<div id=\"elementor-tab-title-2425\" class=\"elementor-tab-title\" data-tab=\"5\" role=\"button\" aria-controls=\"elementor-tab-content-2425\" aria-expanded=\"false\">\n\t\t\t\t\t\t\t\t\t\t\t\t<span class=\"elementor-toggle-icon elementor-toggle-icon-left\" aria-hidden=\"true\">\n\t\t\t\t\t\t\t\t\t\t\t\t\t\t\t<span class=\"elementor-toggle-icon-closed\"><i class=\"fas fa-caret-right\"><\/i><\/span>\n\t\t\t\t\t\t\t\t<span class=\"elementor-toggle-icon-opened\"><i class=\"elementor-toggle-icon-opened fas fa-caret-up\"><\/i><\/span>\n\t\t\t\t\t\t\t\t\t\t\t\t\t<\/span>\n\t\t\t\t\t\t\t\t\t\t\t\t<a class=\"elementor-toggle-title\" tabindex=\"0\">Participaci\u00f3n en la comunidad universitaria<\/a>\n\t\t\t\t\t<\/div>\n\n\t\t\t\t\t<div id=\"elementor-tab-content-2425\" class=\"elementor-tab-content elementor-clearfix\" data-tab=\"5\" role=\"region\" aria-labelledby=\"elementor-tab-title-2425\"><ul><li><a href=\"https:\/\/www3.ubu.es\/iicups\/wp-content\/uploads\/2022\/10\/Compartiendo-espacios-saludables-inclusivos.-Participacion-del-alumnado-universitario-con-discapacidad-cognitiva._Alba-Vila-Pz.pdf\">Compartiendo espacios saludables inclusivos. Participaci\u00f3n del alumnado universitario con discapacidad cognitiva. Alba Vila Paz<\/a> (PDF 62 KB)<\/li><li><a href=\"https:\/\/www3.ubu.es\/iicups\/wp-content\/uploads\/2022\/10\/El-bienestar-emocional-de-los-vegetarianos-en-distintas-culturas_JanaKrizanova.pdf\">El bienestar emocional de los vegetarianos en distintas culturas. Jana Krizanova<\/a> (PDF 1,865 MB)<\/li><li><p><a href=\"https:\/\/www3.ubu.es\/iicups\/wp-content\/uploads\/2022\/10\/MODELO-DE-PROMOCION-DE-LA-MOVILIDAD-ACTIVA-EN-LA-UNIVERSIDAD-DE-GRANADA_Belen-Feriche.pdf\">Modelo de promoci\u00f3n de la movilidad activa en la universidad de granada. Bel\u00e9n Feriche<\/a> (PDF 1,155 MB)<\/p><\/li><li><a href=\"https:\/\/www3.ubu.es\/iicups\/wp-content\/uploads\/2022\/10\/Priorizando-activos-en-salud-hablan-estudiantes-de-la-Universidad-de-Alcala_Maria_sandin_vazquez.pdf\">Priorizando activos en salud hablan estudiantes de la Universidad de Alcala. Mar\u00eda Sandin V\u00e1zquez<\/a> (PDF 411 KB)<\/li><li><a href=\"https:\/\/www3.ubu.es\/iicups\/wp-content\/uploads\/2022\/11\/Promocion-de-la-salud-mediante-mediacion-virtual_Manuel-Ladoux.pdf\"><span class=\"x_ContentPasted6\">Promoci\u00f3n de la Salud Mediante Mediaci\u00f3n Virtual. Recurso Generado como Fortaleza Vs Limitaciones COVID-19. <\/span>Manuel Ladoux<\/a> (PDF 2 MB)<\/li><\/ul><\/div>\n\t\t\t\t<\/div>\n\t\t\t\t\t\t\t\t<\/div>\n\t\t\t\t\t\t<\/div>\n\t\t\t\t<\/div>\n\t\t\t\t\t<\/div>\n\t\t<\/div>\n\t\t\t\t\t<\/div>\n\t\t<\/section>\n\t\t\t\t<\/div>\n\t\t","protected":false},"excerpt":{"rendered":"<p>Actividad f\u00edsica Identificaci\u00f3n de barreras y facilitadores para el desarrollo de \u00abwalking meetings\u00bb Vanesa Molina Garc\u00eda (PDF 652 KB) Influencia de la actividad f\u00edsica en la calidad de vida de las personas. Aida Guti\u00e9rrez y Mario del Libano (PDF 460 KB) Descansos activos, actividad f\u00edsica y cognici\u00f3n en la universidad. Laura Carbonell (PDF 329 KB)&#8230;<\/p>\n","protected":false},"author":1,"featured_media":0,"parent":0,"menu_order":0,"comment_status":"closed","ping_status":"closed","template":"","meta":{"_kad_post_transparent":"default","_kad_post_title":"default","_kad_post_layout":"default","_kad_post_sidebar_id":"","_kad_post_content_style":"default","_kad_post_vertical_padding":"default","_kad_post_feature":"hide","_kad_post_feature_position":"","_kad_post_header":false,"_kad_post_footer":false,"_kad_post_classname":"","footnotes":""},"class_list":["post-1328","page","type-page","status-publish","hentry"],"_links":{"self":[{"href":"https:\/\/www3.ubu.es\/iicups\/wp-json\/wp\/v2\/pages\/1328","targetHints":{"allow":["GET"]}}],"collection":[{"href":"https:\/\/www3.ubu.es\/iicups\/wp-json\/wp\/v2\/pages"}],"about":[{"href":"https:\/\/www3.ubu.es\/iicups\/wp-json\/wp\/v2\/types\/page"}],"author":[{"embeddable":true,"href":"https:\/\/www3.ubu.es\/iicups\/wp-json\/wp\/v2\/users\/1"}],"replies":[{"embeddable":true,"href":"https:\/\/www3.ubu.es\/iicups\/wp-json\/wp\/v2\/comments?post=1328"}],"version-history":[{"count":53,"href":"https:\/\/www3.ubu.es\/iicups\/wp-json\/wp\/v2\/pages\/1328\/revisions"}],"predecessor-version":[{"id":1511,"href":"https:\/\/www3.ubu.es\/iicups\/wp-json\/wp\/v2\/pages\/1328\/revisions\/1511"}],"wp:attachment":[{"href":"https:\/\/www3.ubu.es\/iicups\/wp-json\/wp\/v2\/media?parent=1328"}],"curies":[{"name":"wp","href":"https:\/\/api.w.org\/{rel}","templated":true}]}}